{"id":23510,"date":"2016-11-10T09:40:58","date_gmt":"2016-11-10T08:40:58","guid":{"rendered":"http:\/\/www.avvisopubblico.it\/osservatorio\/?page_id=4279"},"modified":"2016-11-10T09:40:58","modified_gmt":"2016-11-10T08:40:58","slug":"commissione-antimafia-audizione-del-procuratore-nazionale-antimafia-e-antiterrorismo","status":"publish","type":"page","link":"https:\/\/welaikaadv.site\/avviso\/home\/cosa-facciamo\/informare\/osservatorio-parlamentare\/attivita-dinchiesta\/attivita-dinchiesta-xvii\/commissione-bicamerale-antimafia\/commissione-antimafia-audizione-del-procuratore-nazionale-antimafia-e-antiterrorismo\/","title":{"rendered":"Commissione antimafia: audizione del procuratore nazionale antimafia e antiterrorismo"},"content":{"rendered":"<p><strong>Premessa<\/strong>. La Commissione antimafia ha dedicato la seduta del <a href=\"http:\/\/www.camera.it\/leg17\/1058?idLegislatura=17&amp;tipologia=audiz2&amp;sottotipologia=audizione&amp;anno=2015&amp;mese=09&amp;giorno=16&amp;idCommissione=24&amp;numero=0111&amp;file=indice_stenografico#stenograficoCommissione.tit00010.int00010\"><strong>16 settembre 2015<\/strong><\/a> all\u2019audizione del procuratore nazionale antimafia e antiterrorismo, Franco Roberti. Qui di seguito sono sintetizzati gli aspetti pi\u00f9 rilevanti. Per i contenuti della successiva audizione del 2 marzo 2016 <a href=\"https:\/\/welaikaadv.site\/avviso\/home\/cosa-facciamo\/informare\/osservatorio-parlamentare\/attivita-dinchiesta\/attivita-dinchiesta-xvii\/commissione-bicamerale-antimafia\/commissione-antimafia-audizione-del-procuratore-nazionale-antimafia\/\"><strong>clicca qui<\/strong><\/a>. La Commissione ha audito il procuratore nazionale antimafia e antiterrorismo anche il <strong>9 novembre 2016<\/strong>, con riferimento alle risultanze delle missioni svolte in Canada dalla Commissione e dal Procuratore nazionale antimafia.<\/p>\n<p><strong>Quadro generale sulla presenza delle organizzazioni criminali. <\/strong>Il procuratore antimafia sottolinea che la camorra e le altre mafie sono ancor oggi profondamente radicate nelle regioni meridionali e anzi hanno via via esteso la loro capacit\u00e0 di influenza nelle regioni centro settentrionali ed anche all\u2019estero. E\u2019 pertanto corretto parlare di tali organizzazioni criminali come \u201cparte integrante\u201d e di \u00a0\u201celemento costitutivo\u201d della societ\u00e0 che li circonda: gli importanti risultati ottenuti con le indagini giudiziarie ed il sequestro di beni alla criminalit\u00e0 organizzata (pur con tutte le carenze riscontrate nell\u2019attivit\u00e0 di riutilizzo sociale di tali beni) non sono infatti stati sufficienti a limitare la straordinaria capacit\u00e0 delle mafie di infiltrarsi nelle amministrazioni pubbliche e realizzare \u201caffari\u201d: le mafie rappresentano tuttora un grande problema sociale (la manovalanza \u00e8 sempre pi\u00f9 reclutata nelle sacche di disperazione e di emarginazione: \u00e8 molto significativo il ricorso sistematico ai minorenni da parte della camorra a Napoli, in sostituzione dei maggiorenni oggetto di provvedimenti giudiziari), oltre che un problema politico, economico e, naturalmente, criminale, che perci\u00f2 va affrontato non con logiche emergenziali ma con un approccio integrato che affianchi al controllo del territorio delle forze di polizia e investigative e alle misure di prevenzione patrimoniale un serio contrasto delle diverse forme di illegalit\u00e0, dalla corruzione, all\u2019evasione fiscale \u00a0ai reati ambientali (per questi ultimi appare molto positiva l\u2019approvazione della nuova normativa in materia) ed interventi atti a promuovere lo sviluppo economico nelle aree pi\u00f9 depresse e a fornire alle istituzioni locali le risorse necessarie.<\/p>\n<p><strong>Le mafie \u201csilenti\u201d<\/strong>. La corruzione \u00e8 divenuta lo strumento principe per l&#8217;infiltrazione delle organizzazioni criminali nelle istituzioni e nelle imprese, affiancandosi all&#8217;intimidazione mafiosa. Le pi\u00f9 recenti pronunce della Cassazione (\u201cl&#8217;integrazione della fattispecie di associazione di tipo mafioso implica che un sodalizio criminale sia in grado di sprigionare, per il solo fatto della sua esistenza, una capacit\u00e0 di intimidazione non soltanto potenziale, ma attuale, effettiva e obiettivamente riscontrabile, capace di piegare ai propri fini la volont\u00e0 di quanti vengano a contatto con i suoi componenti\u201d) confermano l\u2019applicabilit\u00e0 dell&#8217;articolo 416-bis\u2005alle organizzazioni mafiose silenti, in territori diversi da quelli di origine: le cosche utilizzano la capacit\u00e0 di intimidazione derivante dalla loro presenza nel territorio per ricavarne vantaggi economici e radicarsi nella societ\u00e0.<\/p>\n<p><strong>L\u2019azione della procura nazionale antimafia<\/strong>. La procura sta svolgendo un importantissimo lavoro anche di contrasto del terrorismo, dei traffici illegali di migranti e del riciclaggio, in coordinamento con i responsabili degli organismi che operano negli altri Paesi. Uno strumento essenziale per l\u2019attivit\u00e0 della procura \u00e8 rappresentato dal nuovo sistema informativo della Direzione nazionale antimafia e antiterrorismo, che garantisce un quadro aggiornato di informazioni utili per il coordinamento delle indagini.<\/p>\n<p><strong>Le proposte di intervento legislativo. <\/strong>Il procuratore sottolinea l\u2019esigenza di una revisione del quadro normativo, a partire dall\u2019adozione di misure volte ad affermare la centralit\u00e0 al giudizio di primo grado e a limitare il ricorso in Cassazione, ci\u00f2 che determinerebbe anche un incremento del ricorso ai procedimenti speciali, oggi poco utilizzati.<\/p>\n<p>Per quanto riguarda il provvedimento di riforma del processo penale (AC 2798<strong>)<\/strong>, attualmente all\u2019esame delle Camere, si dichiara decisamente contrario alle disposizioni volte a rendere meno rigorosa la disciplina sui benefici penitenziari per i soggetti mafiosi responsabili di gravi reati.<\/p>\n<p>Un altro aspetto su cui \u00e8 urgente intervenire \u00e8 quello delle informazioni antimafia; l\u2019attuale sistema (art. 85 del Codice antimafia e art. 36 del codice degli appalti)\u00a0 permette infatti alle imprese che partecipano a consorzi con una quota ridotta di sfuggire all&#8217;obbligo di presentare documentazione antimafia in caso di appalto.<\/p>\n<p>Altre modifiche sono state sollecitate con riferimento ai collaboratori di giustizia (che tuttora svolgono un ruolo essenziale, come avvenuto recentemente anche nelle indagini sulla tratta di esseri umani), ai testimoni di giustizia (gi\u00e0 oggetto di un <strong><a href=\"https:\/\/welaikaadv.site\/avviso\/home\/cosa-facciamo\/informare\/osservatorio-parlamentare\/attivita-dinchiesta\/attivita-dinchiesta-xvii\/commissione-bicamerale-antimafia\/commissione-antimafia-relazione-sul-sistema-di-protezione-dei-testimoni-di-giustizia\/\">documento<\/a><\/strong> della commissione antimafia), alla cancellazioni delle iscrizioni nel casellario giudiziario per le persone che hanno compiuto ottant\u2019anni ed ai poteri del procuratore nazionale antimafia in ordine sia alle proposte di misure di prevenzione patrimoniale sia all\u2019autorizzazione dei colloqui investigativi dei servizi di intelligence con i presunti terroristi detenuti.<\/p>\n<p>(<em>ultimo aggiornamento 10 novembre\u00a02016<\/em>)<\/p>\n","protected":false},"excerpt":{"rendered":"<p>Premessa. La Commissione antimafia ha dedicato la seduta del 16 settembre 2015 all\u2019audizione del procuratore nazionale antimafia e antiterrorismo, Franco Roberti. Qui di seguito sono&nbsp;<span class=\"hellipsis\">[&hellip;]<\/span><a class=\"more-link\" href=\"https:\/\/welaikaadv.site\/avviso\/home\/cosa-facciamo\/informare\/osservatorio-parlamentare\/attivita-dinchiesta\/attivita-dinchiesta-xvii\/commissione-bicamerale-antimafia\/commissione-antimafia-audizione-del-procuratore-nazionale-antimafia-e-antiterrorismo\/\">Leggi tutto <span class=\"screen-reader-text\">Commissione antimafia: audizione del procuratore nazionale antimafia e antiterrorismo<\/span> <span class=\"meta-nav\" aria-hidden=\"true\">&rarr;<\/span><\/a><\/p>\n","protected":false},"author":1,"featured_media":0,"parent":2662,"menu_order":0,"comment_status":"closed","ping_status":"closed","template":"","meta":{"_acf_changed":false,"_exactmetrics_skip_tracking":false,"_exactmetrics_sitenote_active":false,"_exactmetrics_sitenote_note":"","_exactmetrics_sitenote_category":0,"wp_social_preview_title":"","wp_social_preview_description":"","wp_social_preview_image":0,"footnotes":""},"class_list":["post-23510","page","type-page","status-publish","hentry"],"acf":[],"yoast_head":"<!-- This site is optimized with the Yoast SEO plugin v27.2 - https:\/\/yoast.com\/product\/yoast-seo-wordpress\/ -->\n<title>Commissione antimafia: audizione del procuratore nazionale antimafia e antiterrorismo - Staging Avviso Pubblico<\/title>\n<meta name=\"robots\" content=\"noindex, follow, max-snippet:-1, max-image-preview:large, max-video-preview:-1\" \/>\n<meta property=\"og:locale\" content=\"it_IT\" \/>\n<meta property=\"og:type\" content=\"article\" \/>\n<meta property=\"og:title\" content=\"Commissione antimafia: audizione del procuratore nazionale antimafia e antiterrorismo - Staging Avviso Pubblico\" \/>\n<meta property=\"og:description\" content=\"Premessa. La Commissione antimafia ha dedicato la seduta del 16 settembre 2015 all\u2019audizione del procuratore nazionale antimafia e antiterrorismo, Franco Roberti. Qui di seguito sono&nbsp;[&hellip;]Leggi tutto Commissione antimafia: audizione del procuratore nazionale antimafia e antiterrorismo &rarr;\" \/>\n<meta property=\"og:url\" content=\"https:\/\/welaikaadv.site\/avviso\/home\/cosa-facciamo\/informare\/osservatorio-parlamentare\/attivita-dinchiesta\/attivita-dinchiesta-xvii\/commissione-bicamerale-antimafia\/commissione-antimafia-audizione-del-procuratore-nazionale-antimafia-e-antiterrorismo\/\" \/>\n<meta property=\"og:site_name\" content=\"Staging Avviso Pubblico\" \/>\n<meta name=\"twitter:card\" content=\"summary_large_image\" \/>\n<meta name=\"twitter:label1\" content=\"Tempo di lettura stimato\" \/>\n\t<meta name=\"twitter:data1\" content=\"4 minuti\" \/>\n<script type=\"application\/ld+json\" class=\"yoast-schema-graph\">{\"@context\":\"https:\/\/schema.org\",\"@graph\":[{\"@type\":\"WebPage\",\"@id\":\"https:\/\/welaikaadv.site\/avviso\/home\/cosa-facciamo\/informare\/osservatorio-parlamentare\/attivita-dinchiesta\/attivita-dinchiesta-xvii\/commissione-bicamerale-antimafia\/commissione-antimafia-audizione-del-procuratore-nazionale-antimafia-e-antiterrorismo\/\",\"url\":\"https:\/\/welaikaadv.site\/avviso\/home\/cosa-facciamo\/informare\/osservatorio-parlamentare\/attivita-dinchiesta\/attivita-dinchiesta-xvii\/commissione-bicamerale-antimafia\/commissione-antimafia-audizione-del-procuratore-nazionale-antimafia-e-antiterrorismo\/\",\"name\":\"Commissione antimafia: audizione del procuratore nazionale antimafia e antiterrorismo - Staging Avviso Pubblico\",\"isPartOf\":{\"@id\":\"https:\/\/welaikaadv.site\/avviso\/#website\"},\"datePublished\":\"2016-11-10T08:40:58+00:00\",\"breadcrumb\":{\"@id\":\"https:\/\/welaikaadv.site\/avviso\/home\/cosa-facciamo\/informare\/osservatorio-parlamentare\/attivita-dinchiesta\/attivita-dinchiesta-xvii\/commissione-bicamerale-antimafia\/commissione-antimafia-audizione-del-procuratore-nazionale-antimafia-e-antiterrorismo\/#breadcrumb\"},\"inLanguage\":\"it-IT\",\"potentialAction\":[{\"@type\":\"ReadAction\",\"target\":[\"https:\/\/welaikaadv.site\/avviso\/home\/cosa-facciamo\/informare\/osservatorio-parlamentare\/attivita-dinchiesta\/attivita-dinchiesta-xvii\/commissione-bicamerale-antimafia\/commissione-antimafia-audizione-del-procuratore-nazionale-antimafia-e-antiterrorismo\/\"]}]},{\"@type\":\"BreadcrumbList\",\"@id\":\"https:\/\/welaikaadv.site\/avviso\/home\/cosa-facciamo\/informare\/osservatorio-parlamentare\/attivita-dinchiesta\/attivita-dinchiesta-xvii\/commissione-bicamerale-antimafia\/commissione-antimafia-audizione-del-procuratore-nazionale-antimafia-e-antiterrorismo\/#breadcrumb\",\"itemListElement\":[{\"@type\":\"ListItem\",\"position\":1,\"name\":\"Home\",\"item\":\"https:\/\/welaikaadv.site\/avviso\/\"},{\"@type\":\"ListItem\",\"position\":2,\"name\":\"Commissione antimafia: audizione del procuratore nazionale antimafia e antiterrorismo\"}]},{\"@type\":\"WebSite\",\"@id\":\"https:\/\/welaikaadv.site\/avviso\/#website\",\"url\":\"https:\/\/welaikaadv.site\/avviso\/\",\"name\":\"Staging Avviso Pubblico\",\"description\":\"\",\"publisher\":{\"@id\":\"https:\/\/welaikaadv.site\/avviso\/#organization\"},\"potentialAction\":[{\"@type\":\"SearchAction\",\"target\":{\"@type\":\"EntryPoint\",\"urlTemplate\":\"https:\/\/welaikaadv.site\/avviso\/?s={search_term_string}\"},\"query-input\":{\"@type\":\"PropertyValueSpecification\",\"valueRequired\":true,\"valueName\":\"search_term_string\"}}],\"inLanguage\":\"it-IT\"},{\"@type\":\"Organization\",\"@id\":\"https:\/\/welaikaadv.site\/avviso\/#organization\",\"name\":\"Staging Avviso Pubblico\",\"url\":\"https:\/\/welaikaadv.site\/avviso\/\",\"logo\":{\"@type\":\"ImageObject\",\"inLanguage\":\"it-IT\",\"@id\":\"https:\/\/welaikaadv.site\/avviso\/#\/schema\/logo\/image\/\",\"url\":\"https:\/\/welaikaadv.site\/avviso\/wp-content\/uploads\/2024\/08\/logoAPsito-400.png\",\"contentUrl\":\"https:\/\/welaikaadv.site\/avviso\/wp-content\/uploads\/2024\/08\/logoAPsito-400.png\",\"width\":400,\"height\":97,\"caption\":\"Staging Avviso Pubblico\"},\"image\":{\"@id\":\"https:\/\/welaikaadv.site\/avviso\/#\/schema\/logo\/image\/\"}}]}<\/script>\n<!-- \/ Yoast SEO plugin. -->","yoast_head_json":{"title":"Commissione antimafia: audizione del procuratore nazionale antimafia e antiterrorismo - Staging Avviso Pubblico","robots":{"index":"noindex","follow":"follow","max-snippet":"max-snippet:-1","max-image-preview":"max-image-preview:large","max-video-preview":"max-video-preview:-1"},"og_locale":"it_IT","og_type":"article","og_title":"Commissione antimafia: audizione del procuratore nazionale antimafia e antiterrorismo - Staging Avviso Pubblico","og_description":"Premessa. La Commissione antimafia ha dedicato la seduta del 16 settembre 2015 all\u2019audizione del procuratore nazionale antimafia e antiterrorismo, Franco Roberti. Qui di seguito sono&nbsp;[&hellip;]Leggi tutto Commissione antimafia: audizione del procuratore nazionale antimafia e antiterrorismo &rarr;","og_url":"https:\/\/welaikaadv.site\/avviso\/home\/cosa-facciamo\/informare\/osservatorio-parlamentare\/attivita-dinchiesta\/attivita-dinchiesta-xvii\/commissione-bicamerale-antimafia\/commissione-antimafia-audizione-del-procuratore-nazionale-antimafia-e-antiterrorismo\/","og_site_name":"Staging Avviso Pubblico","twitter_card":"summary_large_image","twitter_misc":{"Tempo di lettura stimato":"4 minuti"},"schema":{"@context":"https:\/\/schema.org","@graph":[{"@type":"WebPage","@id":"https:\/\/welaikaadv.site\/avviso\/home\/cosa-facciamo\/informare\/osservatorio-parlamentare\/attivita-dinchiesta\/attivita-dinchiesta-xvii\/commissione-bicamerale-antimafia\/commissione-antimafia-audizione-del-procuratore-nazionale-antimafia-e-antiterrorismo\/","url":"https:\/\/welaikaadv.site\/avviso\/home\/cosa-facciamo\/informare\/osservatorio-parlamentare\/attivita-dinchiesta\/attivita-dinchiesta-xvii\/commissione-bicamerale-antimafia\/commissione-antimafia-audizione-del-procuratore-nazionale-antimafia-e-antiterrorismo\/","name":"Commissione antimafia: audizione del procuratore nazionale antimafia e antiterrorismo - Staging Avviso Pubblico","isPartOf":{"@id":"https:\/\/welaikaadv.site\/avviso\/#website"},"datePublished":"2016-11-10T08:40:58+00:00","breadcrumb":{"@id":"https:\/\/welaikaadv.site\/avviso\/home\/cosa-facciamo\/informare\/osservatorio-parlamentare\/attivita-dinchiesta\/attivita-dinchiesta-xvii\/commissione-bicamerale-antimafia\/commissione-antimafia-audizione-del-procuratore-nazionale-antimafia-e-antiterrorismo\/#breadcrumb"},"inLanguage":"it-IT","potentialAction":[{"@type":"ReadAction","target":["https:\/\/welaikaadv.site\/avviso\/home\/cosa-facciamo\/informare\/osservatorio-parlamentare\/attivita-dinchiesta\/attivita-dinchiesta-xvii\/commissione-bicamerale-antimafia\/commissione-antimafia-audizione-del-procuratore-nazionale-antimafia-e-antiterrorismo\/"]}]},{"@type":"BreadcrumbList","@id":"https:\/\/welaikaadv.site\/avviso\/home\/cosa-facciamo\/informare\/osservatorio-parlamentare\/attivita-dinchiesta\/attivita-dinchiesta-xvii\/commissione-bicamerale-antimafia\/commissione-antimafia-audizione-del-procuratore-nazionale-antimafia-e-antiterrorismo\/#breadcrumb","itemListElement":[{"@type":"ListItem","position":1,"name":"Home","item":"https:\/\/welaikaadv.site\/avviso\/"},{"@type":"ListItem","position":2,"name":"Commissione antimafia: audizione del procuratore nazionale antimafia e antiterrorismo"}]},{"@type":"WebSite","@id":"https:\/\/welaikaadv.site\/avviso\/#website","url":"https:\/\/welaikaadv.site\/avviso\/","name":"Staging Avviso Pubblico","description":"","publisher":{"@id":"https:\/\/welaikaadv.site\/avviso\/#organization"},"potentialAction":[{"@type":"SearchAction","target":{"@type":"EntryPoint","urlTemplate":"https:\/\/welaikaadv.site\/avviso\/?s={search_term_string}"},"query-input":{"@type":"PropertyValueSpecification","valueRequired":true,"valueName":"search_term_string"}}],"inLanguage":"it-IT"},{"@type":"Organization","@id":"https:\/\/welaikaadv.site\/avviso\/#organization","name":"Staging Avviso Pubblico","url":"https:\/\/welaikaadv.site\/avviso\/","logo":{"@type":"ImageObject","inLanguage":"it-IT","@id":"https:\/\/welaikaadv.site\/avviso\/#\/schema\/logo\/image\/","url":"https:\/\/welaikaadv.site\/avviso\/wp-content\/uploads\/2024\/08\/logoAPsito-400.png","contentUrl":"https:\/\/welaikaadv.site\/avviso\/wp-content\/uploads\/2024\/08\/logoAPsito-400.png","width":400,"height":97,"caption":"Staging Avviso Pubblico"},"image":{"@id":"https:\/\/welaikaadv.site\/avviso\/#\/schema\/logo\/image\/"}}]}},"_links":{"self":[{"href":"https:\/\/welaikaadv.site\/avviso\/wp-json\/wp\/v2\/pages\/23510","targetHints":{"allow":["GET"]}}],"collection":[{"href":"https:\/\/welaikaadv.site\/avviso\/wp-json\/wp\/v2\/pages"}],"about":[{"href":"https:\/\/welaikaadv.site\/avviso\/wp-json\/wp\/v2\/types\/page"}],"author":[{"embeddable":true,"href":"https:\/\/welaikaadv.site\/avviso\/wp-json\/wp\/v2\/users\/1"}],"replies":[{"embeddable":true,"href":"https:\/\/welaikaadv.site\/avviso\/wp-json\/wp\/v2\/comments?post=23510"}],"version-history":[{"count":0,"href":"https:\/\/welaikaadv.site\/avviso\/wp-json\/wp\/v2\/pages\/23510\/revisions"}],"up":[{"embeddable":true,"href":"https:\/\/welaikaadv.site\/avviso\/wp-json\/wp\/v2\/pages\/2662"}],"wp:attachment":[{"href":"https:\/\/welaikaadv.site\/avviso\/wp-json\/wp\/v2\/media?parent=23510"}],"curies":[{"name":"wp","href":"https:\/\/api.w.org\/{rel}","templated":true}]}}