{"id":32542,"date":"2019-04-27T18:04:48","date_gmt":"2019-04-27T16:04:48","guid":{"rendered":"https:\/\/www.avvisopubblico.it\/home\/?page_id=32542"},"modified":"2019-04-27T18:04:48","modified_gmt":"2019-04-27T16:04:48","slug":"audizione-del-procuratore-nazionale-antimafia-presso-la-commissione-dinchiesta-sulle-mafie-xviii-legislatura-31-gennaio-2019","status":"publish","type":"page","link":"https:\/\/welaikaadv.site\/avviso\/home\/cosa-facciamo\/informare\/osservatorio-parlamentare\/attivita-dinchiesta\/le-commissioni-di-inchiesta-nella-xviii-legislatura\/commissione-antimafia-quadro-generale-dellattivita-xviii-legislatura\/audizione-del-procuratore-nazionale-antimafia-presso-la-commissione-dinchiesta-sulle-mafie-xviii-legislatura-31-gennaio-2019\/","title":{"rendered":"Audizione del Procuratore nazionale antimafia presso la Commissione d\u2019inchiesta sulle mafie &#8211; XVIII Legislatura (31 gennaio 2019)"},"content":{"rendered":"<hr \/>\n<p class=\"p1\"><span class=\"s1\"><b>PREMESSA.<\/b> La Commissione antimafia, il <a href=\"http:\/\/www.senato.it\/japp\/bgt\/showdoc\/18\/SommComm\/0\/1098600\/index.html?part=doc_dc-sedetit_adpnadfcdr\"><span class=\"s2\"><b>31 gennaio 2019<\/b><\/span><\/a>, ha svolto l\u2019audizione del Procuratore nazionale antimafia, Federico Cafiero De Raho, in merito all\u2019uccisione di Marcello Bruzzese (fratello di un collaboratore di giustizia), avvenuta il 25 dicembre 2018 a Pesaro. Di seguito si d\u00e0 sinteticamente conto delle principali criticit\u00e0 emerse (<a href=\"http:\/\/webtv.camera.it\/evento\/13669\"><span class=\"s2\"><b>video completo dell\u2019audizione<\/b><\/span><\/a>).<\/span><\/p>\n<p class=\"p1\"><span class=\"s1\"><b>LA RELAZIONE DEL PROCURATORE.<\/b>\u00a0<\/span><span class=\"s1\">Cafiero De Raho ha puntualizzato, anzitutto, che nessuna cautela era stata adottata per garantire l\u2019anonimato di Bruzzese e della sua famiglia, il cui nome veritiero era persino affisso sul citofono. Contrariamente alle disposizioni del programma di protezione, non era poi noto ai competenti organi istituzionali che il suddetto trascorresse buona parte della settimana (5 giorni su 7) al di fuori della localit\u00e0 protetta assegnatagli.<\/span><\/p>\n<p class=\"p1\"><span class=\"s1\">I collaboratori di giustizia attualmente sottoposti a protezione ammontano a circa 1.200 individui, cui si aggiungono gli oltre 4.800 congiunti di questi, per una platea complessiva di poco superiore alle 6.000 persone. Anche in considerazione del personale disponibile, non sempre numericamente adeguato a far fronte agli impegni richiesti, il Servizio Centrale di Protezione (S.C.P.) opera seguendo un criterio di rilevanza dell\u2019esposizione al rischio. Bruzzese, peraltro, era intervenuto recentemente (2016) nel processo a carico di Teodoro Crea, capo della cosca \u2018ndranghetista di Rizziconi (RC): in ragione di ci\u00f2, non lo si poteva considerare un soggetto la cui incolumit\u00e0 fosse sottoposta ad un basso livello di rischio.<\/span><\/p>\n<p class=\"p1\"><span class=\"s1\">Girolamo Biagio Bruzzese, fratello della vittima, il 20 ottobre del 2003 tent\u00f2 di uccidere (senza riuscirvi) Teodoro Crea; decise quindi di consegnarsi alla giustizia e di iniziare un percorso di collaborazione con le autorit\u00e0 statali. Da allora si contano diversi omicidi &#8211; o fattispecie tentate di tale reato &#8211; coinvolgenti familiari pi\u00f9 o meno prossimi del collaboratore: anche la morte di Marcello Bruzzese, sulla quale stanno indagando congiuntamente le Procure di Ancona e Reggio Calabria, sembrerebbe potersi ricondurre ad un atto di ritorsione nei confronti del medesimo soggetto.<\/span><\/p>\n<p class=\"p1\"><span class=\"s1\"><b>LE DOMANDE DEI COMMISSARI.<\/b>\u00a0<\/span><span class=\"s1\"><i><a href=\"http:\/\/www.camera.it\/leg18\/29?tipoAttivita=&amp;tipoVisAtt=&amp;tipoPersona=&amp;shadow_deputato=307119&amp;idLegislatura=18\"><strong>Dep. Piera Aiello<\/strong><\/a>.<\/i> Domanda se sia normale che testimoni e collaboratori di giustizia siano sottoposti (da parte del Servizio Centrale di Protezione) allo stesso tipo di trattamento, in molte circostanze, oltretutto, consistente in un mero sussidio economico.<\/span><\/p>\n<p class=\"p1\"><span class=\"s1\"><strong><i>Proc. De Raho<\/i>.<\/strong> Di fondamentale importanza sarebbe l\u2019occultamento dell\u2019identit\u00e0 originaria di testimoni e collaboratori; operazione che non sempre risulta di facile attuazione, sovente a causa delle piccole dimensioni dei comuni di destinazione. Le lentezze inerenti all\u2019emissione di documenti di copertura rendono in alcuni casi impossibile anche la ricerca di un lavoro, nonostante nel caso dei testimoni tale possibilit\u00e0 sia prevista espressamente dalla legge. L\u2019attuale sistema di protezione, pertanto, appare da qualche tempo non pi\u00f9 adatto all\u2019assolvimento delle funzioni che gli competerebbero. Purtuttavia, interventi migliorativi non sono di semplice ed immediata attuazione: in aggiunta agli evidenti maggiori costi economici, andrebbero difatti considerati i rischi connessi al coinvolgimento di una porzione di personale eccessivamente ampia, con le intuibili ricadute in termini di affievolimento della segretezza.<\/span><\/p>\n<p class=\"p1\"><span class=\"s1\"><i><a href=\"http:\/\/www.senato.it\/leg\/18\/BGT\/Schede\/Attsen\/00029110.htm\"><strong>Sen. Grasso<\/strong><\/a>.<\/i> Solleva dubbi circa l\u2019efficacia di un sistema, come quello attuale, basato sulla divisione tra gli oneri di assistenza a collaboratori e testimoni, in capo al S.C.P., e quelli di vigilanza sull\u2019incolumit\u00e0 degli stessi, attribuiti invece alle Forze dell\u2019ordine territorialmente competenti.<\/span><\/p>\n<p class=\"p1\"><span class=\"s1\"><strong><i>Proc. De Raho.<\/i><\/strong> Ribadisce il mancato funzionamento della catena comunicativa tra i diversi uffici preposti alla protezione di Marcello Bruzzese, i quali, pur di fronte alla testimonianza di questi nel sopracitato procedimento a carico di Teodoro Crea, avevano per esso avviato la procedura di capitalizzazione (l\u2019erogazione di una somma in denaro al termine del programma speciale di protezione).<br \/>\n<\/span><span class=\"s1\">Quanto agli ingenti costi di gestione del modello di protezione ad oggi in essere, utile ai fini di un loro contenimento sarebbe la possibilit\u00e0 di graduare l\u2019intensit\u00e0 della stessa protezione in base alla presunta esposizione a pericolo; graduazione non prevista dalla normativa vigente.<\/span><\/p>\n<p class=\"p1\"><span class=\"s1\"><i><a href=\"http:\/\/www.senato.it\/leg\/18\/BGT\/Schede\/Attsen\/00029106.htm\"><strong>Sen. Giarrusso<\/strong><\/a>.<\/i> Si interroga sulla correttezza della previsione per cui l\u2019intensit\u00e0 del pericolo presunto cui sarebbe esposto chi collabora o testimonia possa dipendere strettamente dalla conclusione del procedimento giudiziario in cui tali individui hanno portato il loro contributo.<\/span><\/p>\n<p class=\"p1\"><span class=\"s1\"><i>Senn. <a href=\"http:\/\/www.senato.it\/leg\/18\/BGT\/Schede\/Attsen\/00004584.htm\"><strong>Vitali<\/strong><\/a> e <a href=\"http:\/\/www.senato.it\/leg\/18\/BGT\/Schede\/Attsen\/00029138.htm\"><strong>Mirabelli<\/strong><\/a>.<\/i> Domandano se la Direzione Nazionale Antimafia intervenga, direttamente o indirettamente, nella determinazione delle misure di protezione cui sottoporre testimoni e collaboratori di giustizia, e se sia poi chiamata a verificare l\u2019adozione o meno delle medesime.<\/span><\/p>\n<p class=\"p1\"><span class=\"s1\"><i><a href=\"http:\/\/www.camera.it\/leg18\/29?tipoAttivita=&amp;tipoVisAtt=&amp;tipoPersona=&amp;shadow_deputato=302995&amp;idLegislatura=18\"><strong>Dep. Paolini<\/strong><\/a>.<\/i> Chiede un parere del procuratore relativamente alla proposta di modifica del regime di protezione che vorrebbe confinare la scelta delle localit\u00e0 protette ai soli grandi centri urbani, per via di una pi\u00f9 semplice opera di \u201cmimetizzazione\u201d ivi attuabile; e alla proposta di rendere obbligatorio il cambio delle generalit\u00e0 dei soggetti sottoposti a tutela.<\/span><\/p>\n<p class=\"p1\"><span class=\"s1\"><i><a href=\"http:\/\/www.camera.it\/leg18\/29?tipoAttivita=&amp;tipoVisAtt=&amp;tipoPersona=&amp;shadow_deputato=300447&amp;idLegislatura=18\"><strong>Dep. Lupi<\/strong><\/a>.<\/i> Alla luce delle dichiarazioni del procuratore concernenti l\u2019inadeguatezza dell\u2019odierno apparato di protezione, auspica che possano da questi giungere delle linee di indirizzo al Parlamento per un\u2019opportuna modifica della normativa.<\/span><\/p>\n<p class=\"p1\"><span class=\"s1\"><i><a href=\"http:\/\/www.senato.it\/leg\/18\/BGT\/Schede\/Attsen\/00029143.htm\"><strong>Pres. Morra<\/strong><\/a>.<\/i> Viste le abituali e non autorizzate uscite di Bruzzese dalla localit\u00e0 protetta, domanda se sia possibile attribuire il movente dell\u2019omicidio ad una causa altra rispetto alla preponderante ipotesi della vendetta.<\/span><\/p>\n<p class=\"p1\"><span class=\"s1\"><strong><i>Proc. De Raho.<\/i><\/strong> Chiarisce anzitutto che la legge impone al collaboratore di giustizia di rendere tutte le dichiarazioni entro 180 giorni dall\u2019inizio della collaborazione; inizio che, nel caso di Marcello Bruzzese, risale al 2003. In tutte le deposizioni nell\u2019ambito di procedimenti successivi, compresa quella del 2016, sono dunque state solamente ribadite dichiarazioni gi\u00e0 note. Non \u00e8 perci\u00f2 anomalo che, ad oltre quindici anni dalla nascita del rapporto collaborativo, fosse stata per egli avviata la procedura di capitalizzazione: \u00e8 necessario coniugare l\u2019esigenza di protezione con la necessit\u00e0 di garantire il servizio di tutela anche a nuovi collaboratori e testimoni, a fronte di una capacit\u00e0 di spesa non certo sconfinata. I limiti del sistema di gestione si fanno evidenti anche in riferimento al cambio delle generalit\u00e0, non sempre effettuato in tempi considerabili adeguati ai fini preposti.<\/span><\/p>\n<p class=\"p1\"><span class=\"s1\">Nessun dubbio poi sulla natura dell\u2019omicidio, certamente riconducibile ad intenti vendicativi. La platealit\u00e0 nonch\u00e9 la circostanza che sia avvenuto sotto casa della vittima, che pure, come si \u00e8 detto, trascorreva buona parte della settimana in altra localit\u00e0, danno piena conferma di questa interpretazione.<\/span><\/p>\n<p class=\"p1\"><span class=\"s1\">Determinante per un miglioramento del sistema sarebbe certamente e innanzitutto la possibilit\u00e0 di garantire un\u2019occupazione ai collaboratori, laddove la mancanza di ci\u00f2 porta spesso i soggetti interessati verso la recidiva. All\u2019uopo gioverebbe, tra le altre cose, il potenziamento delle capacit\u00e0 di gestione dei beni confiscati in capo all\u2019Agenzia nazionale, con particolare riguardo al prosieguo dell\u2019attivit\u00e0 delle aziende, da cui potrebbero derivare nuove opportunit\u00e0 di impiego.<\/span><\/p>\n<p class=\"p1\"><span class=\"s1\">Ulteriori migliorie, tuttavia, non occorre intervengano sul piano legislativo, quanto piuttosto su quelli esecutivo, attuativo e strumentale, a partire dalla disponibilit\u00e0 di luoghi dove poter ospitare collaboratori e testimoni. Senz\u2019altro condivisibile, inoltre, \u00e8 la proposta di destinare coloro che necessitano di protezione in centri urbani aventi una dimensione minima superiore ad una certa soglia. Ancora: a detti individui andrebbero assicurati una sistemazione logistica tale da consentire loro di condurre una vita normale ed un consono supporto psicologico; il nucleo di protezione dovrebbe essere in grado di svolgere effettivamente e costantemente il servizio di vigilanza; la copertura dell\u2019identit\u00e0 del soggetto interessato e dei suoi figli andrebbe eseguita celermente.<\/span><\/p>\n<p class=\"p1\"><span class=\"s1\">Va infine chiarito che la Direzione Nazionale Antimafia non interviene mai con iniziativa propria nelle varie fasi procedurali del\u00a0sistema di protezione, essendo ad essa attribuite funzioni consultive &#8211; espletate mediante pareri &#8211; e di coordinamento tra la varie procure distrettuali<\/span><span class=\"s1\">.<\/span><\/p>\n<p>&nbsp;<\/p>\n<p class=\"p1\"><span class=\"s1\"><i>(a cura di <\/i><strong><a href=\"mailto:luca.fiordelmondo@avvisopubblico.it\"><span class=\"s3\"><i>Luca Fiordelmondo<\/i><\/span><\/a><\/strong><i>, Master APC dell\u2019Universit\u00e0 di Pisa)<\/i><\/span><\/p>\n","protected":false},"excerpt":{"rendered":"<p>PREMESSA. La Commissione antimafia, il 31 gennaio 2019, ha svolto l\u2019audizione del Procuratore nazionale antimafia, Federico Cafiero De Raho, in merito all\u2019uccisione di Marcello Bruzzese&nbsp;<span class=\"hellipsis\">[&hellip;]<\/span><a class=\"more-link\" href=\"https:\/\/welaikaadv.site\/avviso\/home\/cosa-facciamo\/informare\/osservatorio-parlamentare\/attivita-dinchiesta\/le-commissioni-di-inchiesta-nella-xviii-legislatura\/commissione-antimafia-quadro-generale-dellattivita-xviii-legislatura\/audizione-del-procuratore-nazionale-antimafia-presso-la-commissione-dinchiesta-sulle-mafie-xviii-legislatura-31-gennaio-2019\/\">Leggi tutto <span class=\"screen-reader-text\">Audizione del Procuratore nazionale antimafia presso la Commissione d\u2019inchiesta sulle mafie &#8211; XVIII Legislatura (31 gennaio 2019)<\/span> <span class=\"meta-nav\" aria-hidden=\"true\">&rarr;<\/span><\/a><\/p>\n","protected":false},"author":1,"featured_media":0,"parent":29953,"menu_order":0,"comment_status":"closed","ping_status":"closed","template":"","meta":{"_acf_changed":false,"_exactmetrics_skip_tracking":false,"_exactmetrics_sitenote_active":false,"_exactmetrics_sitenote_note":"","_exactmetrics_sitenote_category":0,"wp_social_preview_title":"","wp_social_preview_description":"","wp_social_preview_image":0,"footnotes":""},"class_list":["post-32542","page","type-page","status-publish","hentry"],"acf":[],"yoast_head":"<!-- This site is optimized with the Yoast SEO plugin v27.2 - https:\/\/yoast.com\/product\/yoast-seo-wordpress\/ -->\n<title>Audizione del Procuratore nazionale antimafia presso la Commissione d\u2019inchiesta sulle mafie - XVIII Legislatura (31 gennaio 2019) - Staging Avviso Pubblico<\/title>\n<meta name=\"robots\" content=\"noindex, follow, max-snippet:-1, max-image-preview:large, max-video-preview:-1\" \/>\n<meta property=\"og:locale\" content=\"it_IT\" \/>\n<meta property=\"og:type\" content=\"article\" \/>\n<meta property=\"og:title\" content=\"Audizione del Procuratore nazionale antimafia presso la Commissione d\u2019inchiesta sulle mafie - XVIII Legislatura (31 gennaio 2019) - Staging Avviso Pubblico\" \/>\n<meta property=\"og:description\" content=\"PREMESSA. La Commissione antimafia, il 31 gennaio 2019, ha svolto l\u2019audizione del Procuratore nazionale antimafia, Federico Cafiero De Raho, in merito all\u2019uccisione di Marcello Bruzzese&nbsp;[&hellip;]Leggi tutto Audizione del Procuratore nazionale antimafia presso la Commissione d\u2019inchiesta sulle mafie &#8211; XVIII Legislatura (31 gennaio 2019) &rarr;\" \/>\n<meta property=\"og:url\" content=\"https:\/\/welaikaadv.site\/avviso\/home\/cosa-facciamo\/informare\/osservatorio-parlamentare\/attivita-dinchiesta\/le-commissioni-di-inchiesta-nella-xviii-legislatura\/commissione-antimafia-quadro-generale-dellattivita-xviii-legislatura\/audizione-del-procuratore-nazionale-antimafia-presso-la-commissione-dinchiesta-sulle-mafie-xviii-legislatura-31-gennaio-2019\/\" \/>\n<meta property=\"og:site_name\" content=\"Staging Avviso Pubblico\" \/>\n<meta name=\"twitter:card\" content=\"summary_large_image\" \/>\n<meta name=\"twitter:label1\" content=\"Tempo di lettura stimato\" \/>\n\t<meta name=\"twitter:data1\" content=\"6 minuti\" \/>\n<script type=\"application\/ld+json\" class=\"yoast-schema-graph\">{\"@context\":\"https:\/\/schema.org\",\"@graph\":[{\"@type\":\"WebPage\",\"@id\":\"https:\/\/welaikaadv.site\/avviso\/home\/cosa-facciamo\/informare\/osservatorio-parlamentare\/attivita-dinchiesta\/le-commissioni-di-inchiesta-nella-xviii-legislatura\/commissione-antimafia-quadro-generale-dellattivita-xviii-legislatura\/audizione-del-procuratore-nazionale-antimafia-presso-la-commissione-dinchiesta-sulle-mafie-xviii-legislatura-31-gennaio-2019\/\",\"url\":\"https:\/\/welaikaadv.site\/avviso\/home\/cosa-facciamo\/informare\/osservatorio-parlamentare\/attivita-dinchiesta\/le-commissioni-di-inchiesta-nella-xviii-legislatura\/commissione-antimafia-quadro-generale-dellattivita-xviii-legislatura\/audizione-del-procuratore-nazionale-antimafia-presso-la-commissione-dinchiesta-sulle-mafie-xviii-legislatura-31-gennaio-2019\/\",\"name\":\"Audizione del Procuratore nazionale antimafia presso la Commissione d\u2019inchiesta sulle mafie - XVIII Legislatura (31 gennaio 2019) - Staging Avviso Pubblico\",\"isPartOf\":{\"@id\":\"https:\/\/welaikaadv.site\/avviso\/#website\"},\"datePublished\":\"2019-04-27T16:04:48+00:00\",\"breadcrumb\":{\"@id\":\"https:\/\/welaikaadv.site\/avviso\/home\/cosa-facciamo\/informare\/osservatorio-parlamentare\/attivita-dinchiesta\/le-commissioni-di-inchiesta-nella-xviii-legislatura\/commissione-antimafia-quadro-generale-dellattivita-xviii-legislatura\/audizione-del-procuratore-nazionale-antimafia-presso-la-commissione-dinchiesta-sulle-mafie-xviii-legislatura-31-gennaio-2019\/#breadcrumb\"},\"inLanguage\":\"it-IT\",\"potentialAction\":[{\"@type\":\"ReadAction\",\"target\":[\"https:\/\/welaikaadv.site\/avviso\/home\/cosa-facciamo\/informare\/osservatorio-parlamentare\/attivita-dinchiesta\/le-commissioni-di-inchiesta-nella-xviii-legislatura\/commissione-antimafia-quadro-generale-dellattivita-xviii-legislatura\/audizione-del-procuratore-nazionale-antimafia-presso-la-commissione-dinchiesta-sulle-mafie-xviii-legislatura-31-gennaio-2019\/\"]}]},{\"@type\":\"BreadcrumbList\",\"@id\":\"https:\/\/welaikaadv.site\/avviso\/home\/cosa-facciamo\/informare\/osservatorio-parlamentare\/attivita-dinchiesta\/le-commissioni-di-inchiesta-nella-xviii-legislatura\/commissione-antimafia-quadro-generale-dellattivita-xviii-legislatura\/audizione-del-procuratore-nazionale-antimafia-presso-la-commissione-dinchiesta-sulle-mafie-xviii-legislatura-31-gennaio-2019\/#breadcrumb\",\"itemListElement\":[{\"@type\":\"ListItem\",\"position\":1,\"name\":\"Home\",\"item\":\"https:\/\/welaikaadv.site\/avviso\/\"},{\"@type\":\"ListItem\",\"position\":2,\"name\":\"Audizione del Procuratore nazionale antimafia presso la Commissione d\u2019inchiesta sulle mafie &#8211; XVIII Legislatura (31 gennaio 2019)\"}]},{\"@type\":\"WebSite\",\"@id\":\"https:\/\/welaikaadv.site\/avviso\/#website\",\"url\":\"https:\/\/welaikaadv.site\/avviso\/\",\"name\":\"Staging Avviso Pubblico\",\"description\":\"\",\"publisher\":{\"@id\":\"https:\/\/welaikaadv.site\/avviso\/#organization\"},\"potentialAction\":[{\"@type\":\"SearchAction\",\"target\":{\"@type\":\"EntryPoint\",\"urlTemplate\":\"https:\/\/welaikaadv.site\/avviso\/?s={search_term_string}\"},\"query-input\":{\"@type\":\"PropertyValueSpecification\",\"valueRequired\":true,\"valueName\":\"search_term_string\"}}],\"inLanguage\":\"it-IT\"},{\"@type\":\"Organization\",\"@id\":\"https:\/\/welaikaadv.site\/avviso\/#organization\",\"name\":\"Staging Avviso Pubblico\",\"url\":\"https:\/\/welaikaadv.site\/avviso\/\",\"logo\":{\"@type\":\"ImageObject\",\"inLanguage\":\"it-IT\",\"@id\":\"https:\/\/welaikaadv.site\/avviso\/#\/schema\/logo\/image\/\",\"url\":\"https:\/\/welaikaadv.site\/avviso\/wp-content\/uploads\/2024\/08\/logoAPsito-400.png\",\"contentUrl\":\"https:\/\/welaikaadv.site\/avviso\/wp-content\/uploads\/2024\/08\/logoAPsito-400.png\",\"width\":400,\"height\":97,\"caption\":\"Staging Avviso Pubblico\"},\"image\":{\"@id\":\"https:\/\/welaikaadv.site\/avviso\/#\/schema\/logo\/image\/\"}}]}<\/script>\n<!-- \/ Yoast SEO plugin. -->","yoast_head_json":{"title":"Audizione del Procuratore nazionale antimafia presso la Commissione d\u2019inchiesta sulle mafie - XVIII Legislatura (31 gennaio 2019) - Staging Avviso Pubblico","robots":{"index":"noindex","follow":"follow","max-snippet":"max-snippet:-1","max-image-preview":"max-image-preview:large","max-video-preview":"max-video-preview:-1"},"og_locale":"it_IT","og_type":"article","og_title":"Audizione del Procuratore nazionale antimafia presso la Commissione d\u2019inchiesta sulle mafie - XVIII Legislatura (31 gennaio 2019) - Staging Avviso Pubblico","og_description":"PREMESSA. La Commissione antimafia, il 31 gennaio 2019, ha svolto l\u2019audizione del Procuratore nazionale antimafia, Federico Cafiero De Raho, in merito all\u2019uccisione di Marcello Bruzzese&nbsp;[&hellip;]Leggi tutto Audizione del Procuratore nazionale antimafia presso la Commissione d\u2019inchiesta sulle mafie &#8211; XVIII Legislatura (31 gennaio 2019) &rarr;","og_url":"https:\/\/welaikaadv.site\/avviso\/home\/cosa-facciamo\/informare\/osservatorio-parlamentare\/attivita-dinchiesta\/le-commissioni-di-inchiesta-nella-xviii-legislatura\/commissione-antimafia-quadro-generale-dellattivita-xviii-legislatura\/audizione-del-procuratore-nazionale-antimafia-presso-la-commissione-dinchiesta-sulle-mafie-xviii-legislatura-31-gennaio-2019\/","og_site_name":"Staging Avviso Pubblico","twitter_card":"summary_large_image","twitter_misc":{"Tempo di lettura stimato":"6 minuti"},"schema":{"@context":"https:\/\/schema.org","@graph":[{"@type":"WebPage","@id":"https:\/\/welaikaadv.site\/avviso\/home\/cosa-facciamo\/informare\/osservatorio-parlamentare\/attivita-dinchiesta\/le-commissioni-di-inchiesta-nella-xviii-legislatura\/commissione-antimafia-quadro-generale-dellattivita-xviii-legislatura\/audizione-del-procuratore-nazionale-antimafia-presso-la-commissione-dinchiesta-sulle-mafie-xviii-legislatura-31-gennaio-2019\/","url":"https:\/\/welaikaadv.site\/avviso\/home\/cosa-facciamo\/informare\/osservatorio-parlamentare\/attivita-dinchiesta\/le-commissioni-di-inchiesta-nella-xviii-legislatura\/commissione-antimafia-quadro-generale-dellattivita-xviii-legislatura\/audizione-del-procuratore-nazionale-antimafia-presso-la-commissione-dinchiesta-sulle-mafie-xviii-legislatura-31-gennaio-2019\/","name":"Audizione del Procuratore nazionale antimafia presso la Commissione d\u2019inchiesta sulle mafie - XVIII Legislatura (31 gennaio 2019) - Staging Avviso Pubblico","isPartOf":{"@id":"https:\/\/welaikaadv.site\/avviso\/#website"},"datePublished":"2019-04-27T16:04:48+00:00","breadcrumb":{"@id":"https:\/\/welaikaadv.site\/avviso\/home\/cosa-facciamo\/informare\/osservatorio-parlamentare\/attivita-dinchiesta\/le-commissioni-di-inchiesta-nella-xviii-legislatura\/commissione-antimafia-quadro-generale-dellattivita-xviii-legislatura\/audizione-del-procuratore-nazionale-antimafia-presso-la-commissione-dinchiesta-sulle-mafie-xviii-legislatura-31-gennaio-2019\/#breadcrumb"},"inLanguage":"it-IT","potentialAction":[{"@type":"ReadAction","target":["https:\/\/welaikaadv.site\/avviso\/home\/cosa-facciamo\/informare\/osservatorio-parlamentare\/attivita-dinchiesta\/le-commissioni-di-inchiesta-nella-xviii-legislatura\/commissione-antimafia-quadro-generale-dellattivita-xviii-legislatura\/audizione-del-procuratore-nazionale-antimafia-presso-la-commissione-dinchiesta-sulle-mafie-xviii-legislatura-31-gennaio-2019\/"]}]},{"@type":"BreadcrumbList","@id":"https:\/\/welaikaadv.site\/avviso\/home\/cosa-facciamo\/informare\/osservatorio-parlamentare\/attivita-dinchiesta\/le-commissioni-di-inchiesta-nella-xviii-legislatura\/commissione-antimafia-quadro-generale-dellattivita-xviii-legislatura\/audizione-del-procuratore-nazionale-antimafia-presso-la-commissione-dinchiesta-sulle-mafie-xviii-legislatura-31-gennaio-2019\/#breadcrumb","itemListElement":[{"@type":"ListItem","position":1,"name":"Home","item":"https:\/\/welaikaadv.site\/avviso\/"},{"@type":"ListItem","position":2,"name":"Audizione del Procuratore nazionale antimafia presso la Commissione d\u2019inchiesta sulle mafie &#8211; XVIII Legislatura (31 gennaio 2019)"}]},{"@type":"WebSite","@id":"https:\/\/welaikaadv.site\/avviso\/#website","url":"https:\/\/welaikaadv.site\/avviso\/","name":"Staging Avviso Pubblico","description":"","publisher":{"@id":"https:\/\/welaikaadv.site\/avviso\/#organization"},"potentialAction":[{"@type":"SearchAction","target":{"@type":"EntryPoint","urlTemplate":"https:\/\/welaikaadv.site\/avviso\/?s={search_term_string}"},"query-input":{"@type":"PropertyValueSpecification","valueRequired":true,"valueName":"search_term_string"}}],"inLanguage":"it-IT"},{"@type":"Organization","@id":"https:\/\/welaikaadv.site\/avviso\/#organization","name":"Staging Avviso Pubblico","url":"https:\/\/welaikaadv.site\/avviso\/","logo":{"@type":"ImageObject","inLanguage":"it-IT","@id":"https:\/\/welaikaadv.site\/avviso\/#\/schema\/logo\/image\/","url":"https:\/\/welaikaadv.site\/avviso\/wp-content\/uploads\/2024\/08\/logoAPsito-400.png","contentUrl":"https:\/\/welaikaadv.site\/avviso\/wp-content\/uploads\/2024\/08\/logoAPsito-400.png","width":400,"height":97,"caption":"Staging Avviso Pubblico"},"image":{"@id":"https:\/\/welaikaadv.site\/avviso\/#\/schema\/logo\/image\/"}}]}},"_links":{"self":[{"href":"https:\/\/welaikaadv.site\/avviso\/wp-json\/wp\/v2\/pages\/32542","targetHints":{"allow":["GET"]}}],"collection":[{"href":"https:\/\/welaikaadv.site\/avviso\/wp-json\/wp\/v2\/pages"}],"about":[{"href":"https:\/\/welaikaadv.site\/avviso\/wp-json\/wp\/v2\/types\/page"}],"author":[{"embeddable":true,"href":"https:\/\/welaikaadv.site\/avviso\/wp-json\/wp\/v2\/users\/1"}],"replies":[{"embeddable":true,"href":"https:\/\/welaikaadv.site\/avviso\/wp-json\/wp\/v2\/comments?post=32542"}],"version-history":[{"count":0,"href":"https:\/\/welaikaadv.site\/avviso\/wp-json\/wp\/v2\/pages\/32542\/revisions"}],"up":[{"embeddable":true,"href":"https:\/\/welaikaadv.site\/avviso\/wp-json\/wp\/v2\/pages\/29953"}],"wp:attachment":[{"href":"https:\/\/welaikaadv.site\/avviso\/wp-json\/wp\/v2\/media?parent=32542"}],"curies":[{"name":"wp","href":"https:\/\/api.w.org\/{rel}","templated":true}]}}